{"id":1708,"date":"2025-01-28T11:19:06","date_gmt":"2025-01-28T10:19:06","guid":{"rendered":"http:\/\/atelierlabarbue.com\/?page_id=1708"},"modified":"2025-03-25T09:38:18","modified_gmt":"2025-03-25T08:38:18","slug":"table-de-nuit-art-deco-en-chene","status":"publish","type":"page","link":"https:\/\/atelierlabarbue.com\/index.php\/table-de-nuit-art-deco-en-chene\/","title":{"rendered":"Table de nuit Art D\u00e9co en Ch\u00eane"},"content":{"rendered":"\n<p>J&rsquo;ai chin\u00e9 cette table de nuit Art D\u00e9co en Ch\u00eane massif et je l&rsquo;ai restaur\u00e9e. Cette table de nuit avait \u00e9t\u00e9 peinte en gris; sous la peinture j&rsquo;ai d\u00e9couvert un bois abim\u00e9, les placages \u00e9taient tr\u00e8s mince voir perc\u00e9s. En revanche c&rsquo;est un mobilier robuste, la structure est toujours aussi solide !<\/p>\n\n\n\n<h2 class=\"wp-block-heading has-text-align-center has-background-color has-text-color has-background has-link-color wp-elements-70d92347ce92bfb2ead6066b72841d71\" style=\"background-color:#f8c2d2\">Vendue !<\/h2>\n\n\n\n<div class=\"wp-block-columns is-layout-flex wp-container-core-columns-is-layout-28f84493 wp-block-columns-is-layout-flex\">\n<div class=\"wp-block-column is-layout-flow wp-block-column-is-layout-flow\">\n<figure class=\"wp-block-image size-large\"><img loading=\"lazy\" decoding=\"async\" width=\"819\" height=\"1024\" src=\"http:\/\/atelierlabarbue.com\/wp-content\/uploads\/2025\/01\/ART-DECDSC_6284-copie2-819x1024.jpg\" alt=\"\" class=\"wp-image-1709\" srcset=\"https:\/\/atelierlabarbue.com\/wp-content\/uploads\/2025\/01\/ART-DECDSC_6284-copie2-819x1024.jpg 819w, https:\/\/atelierlabarbue.com\/wp-content\/uploads\/2025\/01\/ART-DECDSC_6284-copie2-240x300.jpg 240w, https:\/\/atelierlabarbue.com\/wp-content\/uploads\/2025\/01\/ART-DECDSC_6284-copie2-768x960.jpg 768w, https:\/\/atelierlabarbue.com\/wp-content\/uploads\/2025\/01\/ART-DECDSC_6284-copie2-1229x1536.jpg 1229w, https:\/\/atelierlabarbue.com\/wp-content\/uploads\/2025\/01\/ART-DECDSC_6284-copie2-1639x2048.jpg 1639w, https:\/\/atelierlabarbue.com\/wp-content\/uploads\/2025\/01\/ART-DECDSC_6284-copie2-1170x1462.jpg 1170w, https:\/\/atelierlabarbue.com\/wp-content\/uploads\/2025\/01\/ART-DECDSC_6284-copie2-scaled.jpg 2048w\" sizes=\"auto, (max-width: 819px) 100vw, 819px\" \/><figcaption class=\"wp-element-caption\">Table de nuit Art D\u00e9co apr\u00e8s restauration<\/figcaption><\/figure>\n<\/div>\n\n\n\n<div class=\"wp-block-column is-layout-flow wp-block-column-is-layout-flow\">\n<figure class=\"wp-block-image size-large is-resized\"><img loading=\"lazy\" decoding=\"async\" width=\"683\" height=\"1024\" src=\"http:\/\/atelierlabarbue.com\/wp-content\/uploads\/2025\/01\/DSC_6222-683x1024.jpg\" alt=\"\" class=\"wp-image-1710\" style=\"width:291px;height:auto\" srcset=\"https:\/\/atelierlabarbue.com\/wp-content\/uploads\/2025\/01\/DSC_6222-683x1024.jpg 683w, https:\/\/atelierlabarbue.com\/wp-content\/uploads\/2025\/01\/DSC_6222-200x300.jpg 200w, https:\/\/atelierlabarbue.com\/wp-content\/uploads\/2025\/01\/DSC_6222-768x1152.jpg 768w, https:\/\/atelierlabarbue.com\/wp-content\/uploads\/2025\/01\/DSC_6222-1024x1536.jpg 1024w, https:\/\/atelierlabarbue.com\/wp-content\/uploads\/2025\/01\/DSC_6222-1365x2048.jpg 1365w, https:\/\/atelierlabarbue.com\/wp-content\/uploads\/2025\/01\/DSC_6222-scaled.jpg 1707w\" sizes=\"auto, (max-width: 683px) 100vw, 683px\" \/><figcaption class=\"wp-element-caption\">Avant restauration<\/figcaption><\/figure>\n<\/div>\n<\/div>\n\n\n\n<p>L&rsquo;asym\u00e9trie dans sa forme est assez rare lui donne beaucoup de charme et de praticit\u00e9 ! <br>Dimensions : Hauteur : 69cm   Largeur : 44,5cm    Profondeur : 33,5cm<\/p>\n\n\n\n<p class=\"has-text-align-center\">PRIX : 95\u20ac<\/p>\n\n\n\n<p>La restauration a donc consist\u00e9 \u00e0 d\u00e9cap\u00e9 la peinture, poncer l&rsquo;int\u00e9gralit\u00e9 du meuble \u00e0 la main, retirer la peinture \u00e0 l&rsquo;int\u00e9rieur des gravure en fa\u00e7ade de la porte, nettoyer les poign\u00e9es (qui sont d&rsquo;origine). Ensuite, j&rsquo;ai r\u00e9alis\u00e9 des greffes de placages aux endroits o\u00f9 il y avait des manques.<br>J&rsquo;ai r\u00e9alis\u00e9 la finition en faisant un bouchage \u00e0 la cire.<br><br><br><br><\/p>\n\n\n\n<p class=\"has-text-align-center has-text-color has-link-color wp-elements-35c12c2a230933c6eaad6b5ff798c7fb\" style=\"color:#ee7c7c\">Une question, un devis ?&nbsp;<a href=\"http:\/\/atelierlabarbue.com\/index.php\/contact-latelier-la-barbue\/\">Contactez Atelier la Barbue<\/a>&nbsp;!<\/p>\n\n\n\n<p>Pour suivre toute l\u2019actualit\u00e9 d\u2019Atelier la Barbue : les derni\u00e8res restaurations, fabrications de mobilier, cr\u00e9ations de bijoux, et vous tenir au courant des prochains march\u00e9s et \u00e9v\u00e9nements auxquels je serais pr\u00e9sente, abonnez-vous aux comptes instagram et Facebook ! <\/p>\n\n\n\n<ul class=\"wp-block-social-links is-content-justification-center is-layout-flex wp-container-core-social-links-is-layout-a89b3969 wp-block-social-links-is-layout-flex\"><li class=\"wp-social-link wp-social-link-instagram  wp-block-social-link\"><a href=\"https:\/\/www.instagram.com\/atelierlabarbue\/\" class=\"wp-block-social-link-anchor\"><svg width=\"24\" height=\"24\" viewBox=\"0 0 24 24\" version=\"1.1\" xmlns=\"http:\/\/www.w3.org\/2000\/svg\" aria-hidden=\"true\" focusable=\"false\"><path d=\"M12,4.622c2.403,0,2.688,0.009,3.637,0.052c0.877,0.04,1.354,0.187,1.671,0.31c0.42,0.163,0.72,0.358,1.035,0.673 c0.315,0.315,0.51,0.615,0.673,1.035c0.123,0.317,0.27,0.794,0.31,1.671c0.043,0.949,0.052,1.234,0.052,3.637 s-0.009,2.688-0.052,3.637c-0.04,0.877-0.187,1.354-0.31,1.671c-0.163,0.42-0.358,0.72-0.673,1.035 c-0.315,0.315-0.615,0.51-1.035,0.673c-0.317,0.123-0.794,0.27-1.671,0.31c-0.949,0.043-1.233,0.052-3.637,0.052 s-2.688-0.009-3.637-0.052c-0.877-0.04-1.354-0.187-1.671-0.31c-0.42-0.163-0.72-0.358-1.035-0.673 c-0.315-0.315-0.51-0.615-0.673-1.035c-0.123-0.317-0.27-0.794-0.31-1.671C4.631,14.688,4.622,14.403,4.622,12 s0.009-2.688,0.052-3.637c0.04-0.877,0.187-1.354,0.31-1.671c0.163-0.42,0.358-0.72,0.673-1.035 c0.315-0.315,0.615-0.51,1.035-0.673c0.317-0.123,0.794-0.27,1.671-0.31C9.312,4.631,9.597,4.622,12,4.622 M12,3 C9.556,3,9.249,3.01,8.289,3.054C7.331,3.098,6.677,3.25,6.105,3.472C5.513,3.702,5.011,4.01,4.511,4.511 c-0.5,0.5-0.808,1.002-1.038,1.594C3.25,6.677,3.098,7.331,3.054,8.289C3.01,9.249,3,9.556,3,12c0,2.444,0.01,2.751,0.054,3.711 c0.044,0.958,0.196,1.612,0.418,2.185c0.23,0.592,0.538,1.094,1.038,1.594c0.5,0.5,1.002,0.808,1.594,1.038 c0.572,0.222,1.227,0.375,2.185,0.418C9.249,20.99,9.556,21,12,21s2.751-0.01,3.711-0.054c0.958-0.044,1.612-0.196,2.185-0.418 c0.592-0.23,1.094-0.538,1.594-1.038c0.5-0.5,0.808-1.002,1.038-1.594c0.222-0.572,0.375-1.227,0.418-2.185 C20.99,14.751,21,14.444,21,12s-0.01-2.751-0.054-3.711c-0.044-0.958-0.196-1.612-0.418-2.185c-0.23-0.592-0.538-1.094-1.038-1.594 c-0.5-0.5-1.002-0.808-1.594-1.038c-0.572-0.222-1.227-0.375-2.185-0.418C14.751,3.01,14.444,3,12,3L12,3z M12,7.378 c-2.552,0-4.622,2.069-4.622,4.622S9.448,16.622,12,16.622s4.622-2.069,4.622-4.622S14.552,7.378,12,7.378z M12,15 c-1.657,0-3-1.343-3-3s1.343-3,3-3s3,1.343,3,3S13.657,15,12,15z M16.804,6.116c-0.596,0-1.08,0.484-1.08,1.08 s0.484,1.08,1.08,1.08c0.596,0,1.08-0.484,1.08-1.08S17.401,6.116,16.804,6.116z\"><\/path><\/svg><span class=\"wp-block-social-link-label screen-reader-text\">Instagram<\/span><\/a><\/li><\/ul>\n\n\n\n<ul class=\"wp-block-social-links is-content-justification-center is-layout-flex wp-container-core-social-links-is-layout-a89b3969 wp-block-social-links-is-layout-flex\"><li class=\"wp-social-link wp-social-link-facebook  wp-block-social-link\"><a href=\"https:\/\/www.facebook.com\/atelierlabarbue?locale=fr_FR\" class=\"wp-block-social-link-anchor\"><svg width=\"24\" height=\"24\" viewBox=\"0 0 24 24\" version=\"1.1\" xmlns=\"http:\/\/www.w3.org\/2000\/svg\" aria-hidden=\"true\" focusable=\"false\"><path d=\"M12 2C6.5 2 2 6.5 2 12c0 5 3.7 9.1 8.4 9.9v-7H7.9V12h2.5V9.8c0-2.5 1.5-3.9 3.8-3.9 1.1 0 2.2.2 2.2.2v2.5h-1.3c-1.2 0-1.6.8-1.6 1.6V12h2.8l-.4 2.9h-2.3v7C18.3 21.1 22 17 22 12c0-5.5-4.5-10-10-10z\"><\/path><\/svg><span class=\"wp-block-social-link-label screen-reader-text\">Facebook<\/span><\/a><\/li><\/ul>\n\n\n\n<p class=\"has-background-color has-text-color has-link-color has-tiny-font-size wp-elements-c0028ccfc2bba8b2175dd14821af883c\">\u00c9b\u00e9niste \u00e0 Rennes, Anna de L\u2019atelier la Barbue r\u00e9alise la restauration de&nbsp;<strong>meubles anciens<\/strong>, la&nbsp;<strong>vente de meubles<\/strong>&nbsp;restaur\u00e9s, la&nbsp;<strong>fabrication de meubles sur mesure<\/strong>&nbsp;(claustras) et la&nbsp;<strong>cr\u00e9ation de bijoux en bois<\/strong>. Vous souhaitez restaurer un meuble ancien ?<br>Plut\u00f4t que de jeter pour remplacer par du neuf, on peut ainsi choisir de restaurer un meuble remis\u00e9.&nbsp;Restauration table de nuit Art D\u00e9co en Ch\u00eane <\/p>\n\n\n\n<p><\/p>\n","protected":false},"excerpt":{"rendered":"<p>J&rsquo;ai chin\u00e9 cette table de nuit Art D\u00e9co en Ch\u00eane massif et je l&rsquo;ai restaur\u00e9e. Cette table de nuit avait \u00e9t\u00e9 peinte en gris; sous la peinture j&rsquo;ai d\u00e9couvert un bois abim\u00e9, les placages \u00e9taient tr\u00e8s mince voir perc\u00e9s. En revanche c&rsquo;est un mobilier robuste, la structure est toujours aussi solide ! Vendue ! L&rsquo;asym\u00e9trie [&hellip;]<\/p>\n","protected":false},"author":1,"featured_media":0,"parent":0,"menu_order":0,"comment_status":"closed","ping_status":"closed","template":"","meta":{"_themeisle_gutenberg_block_has_review":false,"footnotes":""},"class_list":["post-1708","page","type-page","status-publish","hentry"],"yoast_head":"<!-- This site is optimized with the Yoast SEO plugin v27.4 - https:\/\/yoast.com\/product\/yoast-seo-wordpress\/ -->\n<title>Table de nuit Art D\u00e9co en Ch\u00eane - Atelier la barbue<\/title>\n<meta name=\"description\" content=\"J&#039;ai chin\u00e9 cette table de nuit Art d\u00e9co en Ch\u00eane et je l&#039;ai restaur\u00e9e. Cette table de nuit avait \u00e9t\u00e9 peinte en gris; sous la peinture j&#039;ai d\u00e9couvert un bois abim\u00e9, les placages \u00e9taient tr\u00e8s mince voir perc\u00e9s. En revanche c&#039;est un mobilier robuste, la structure est toujours aussi solide !\" \/>\n<meta name=\"robots\" content=\"index, follow, max-snippet:-1, max-image-preview:large, max-video-preview:-1\" \/>\n<link rel=\"canonical\" href=\"https:\/\/atelierlabarbue.com\/index.php\/table-de-nuit-art-deco-en-chene\/\" \/>\n<meta property=\"og:locale\" content=\"fr_FR\" \/>\n<meta property=\"og:type\" content=\"article\" \/>\n<meta property=\"og:title\" content=\"Table de nuit Art D\u00e9co en Ch\u00eane - Atelier la barbue\" \/>\n<meta property=\"og:description\" content=\"J&#039;ai chin\u00e9 cette table de nuit Art d\u00e9co en Ch\u00eane et je l&#039;ai restaur\u00e9e. Cette table de nuit avait \u00e9t\u00e9 peinte en gris; sous la peinture j&#039;ai d\u00e9couvert un bois abim\u00e9, les placages \u00e9taient tr\u00e8s mince voir perc\u00e9s. En revanche c&#039;est un mobilier robuste, la structure est toujours aussi solide !\" \/>\n<meta property=\"og:url\" content=\"https:\/\/atelierlabarbue.com\/index.php\/table-de-nuit-art-deco-en-chene\/\" \/>\n<meta property=\"og:site_name\" content=\"Atelier la barbue\" \/>\n<meta property=\"article:publisher\" content=\"https:\/\/www.facebook.com\/profile.php?id=100090210846448\" \/>\n<meta property=\"article:modified_time\" content=\"2025-03-25T08:38:18+00:00\" \/>\n<meta property=\"og:image\" content=\"http:\/\/atelierlabarbue.com\/wp-content\/uploads\/2025\/01\/ART-DECDSC_6284-copie2-819x1024.jpg\" \/>\n<meta name=\"twitter:card\" content=\"summary_large_image\" \/>\n<meta name=\"twitter:label1\" content=\"Dur\u00e9e de lecture estim\u00e9e\" \/>\n\t<meta name=\"twitter:data1\" content=\"2 minutes\" \/>\n<script type=\"application\/ld+json\" class=\"yoast-schema-graph\">{\"@context\":\"https:\\\/\\\/schema.org\",\"@graph\":[{\"@type\":\"WebPage\",\"@id\":\"https:\\\/\\\/atelierlabarbue.com\\\/index.php\\\/table-de-nuit-art-deco-en-chene\\\/\",\"url\":\"https:\\\/\\\/atelierlabarbue.com\\\/index.php\\\/table-de-nuit-art-deco-en-chene\\\/\",\"name\":\"Table de nuit Art D\u00e9co en Ch\u00eane - Atelier la barbue\",\"isPartOf\":{\"@id\":\"https:\\\/\\\/atelierlabarbue.com\\\/#website\"},\"primaryImageOfPage\":{\"@id\":\"https:\\\/\\\/atelierlabarbue.com\\\/index.php\\\/table-de-nuit-art-deco-en-chene\\\/#primaryimage\"},\"image\":{\"@id\":\"https:\\\/\\\/atelierlabarbue.com\\\/index.php\\\/table-de-nuit-art-deco-en-chene\\\/#primaryimage\"},\"thumbnailUrl\":\"http:\\\/\\\/atelierlabarbue.com\\\/wp-content\\\/uploads\\\/2025\\\/01\\\/ART-DECDSC_6284-copie2-819x1024.jpg\",\"datePublished\":\"2025-01-28T10:19:06+00:00\",\"dateModified\":\"2025-03-25T08:38:18+00:00\",\"description\":\"J'ai chin\u00e9 cette table de nuit Art d\u00e9co en Ch\u00eane et je l'ai restaur\u00e9e. Cette table de nuit avait \u00e9t\u00e9 peinte en gris; sous la peinture j'ai d\u00e9couvert un bois abim\u00e9, les placages \u00e9taient tr\u00e8s mince voir perc\u00e9s. En revanche c'est un mobilier robuste, la structure est toujours aussi solide !\",\"breadcrumb\":{\"@id\":\"https:\\\/\\\/atelierlabarbue.com\\\/index.php\\\/table-de-nuit-art-deco-en-chene\\\/#breadcrumb\"},\"inLanguage\":\"fr-FR\",\"potentialAction\":[{\"@type\":\"ReadAction\",\"target\":[\"https:\\\/\\\/atelierlabarbue.com\\\/index.php\\\/table-de-nuit-art-deco-en-chene\\\/\"]}]},{\"@type\":\"ImageObject\",\"inLanguage\":\"fr-FR\",\"@id\":\"https:\\\/\\\/atelierlabarbue.com\\\/index.php\\\/table-de-nuit-art-deco-en-chene\\\/#primaryimage\",\"url\":\"https:\\\/\\\/atelierlabarbue.com\\\/wp-content\\\/uploads\\\/2025\\\/01\\\/ART-DECDSC_6284-copie2-scaled.jpg\",\"contentUrl\":\"https:\\\/\\\/atelierlabarbue.com\\\/wp-content\\\/uploads\\\/2025\\\/01\\\/ART-DECDSC_6284-copie2-scaled.jpg\",\"width\":2048,\"height\":2560},{\"@type\":\"BreadcrumbList\",\"@id\":\"https:\\\/\\\/atelierlabarbue.com\\\/index.php\\\/table-de-nuit-art-deco-en-chene\\\/#breadcrumb\",\"itemListElement\":[{\"@type\":\"ListItem\",\"position\":1,\"name\":\"Accueil\",\"item\":\"https:\\\/\\\/atelierlabarbue.com\\\/\"},{\"@type\":\"ListItem\",\"position\":2,\"name\":\"Table de nuit Art D\u00e9co en Ch\u00eane\"}]},{\"@type\":\"WebSite\",\"@id\":\"https:\\\/\\\/atelierlabarbue.com\\\/#website\",\"url\":\"https:\\\/\\\/atelierlabarbue.com\\\/\",\"name\":\"Atelier la barbue\",\"description\":\"Restauration de meubles anciens, \u00e9b\u00e9nisterie, cr\u00e9ation de bijoux bois bijoux\",\"publisher\":{\"@id\":\"https:\\\/\\\/atelierlabarbue.com\\\/#organization\"},\"potentialAction\":[{\"@type\":\"SearchAction\",\"target\":{\"@type\":\"EntryPoint\",\"urlTemplate\":\"https:\\\/\\\/atelierlabarbue.com\\\/?s={search_term_string}\"},\"query-input\":{\"@type\":\"PropertyValueSpecification\",\"valueRequired\":true,\"valueName\":\"search_term_string\"}}],\"inLanguage\":\"fr-FR\"},{\"@type\":\"Organization\",\"@id\":\"https:\\\/\\\/atelierlabarbue.com\\\/#organization\",\"name\":\"Atelier la barbue\",\"url\":\"https:\\\/\\\/atelierlabarbue.com\\\/\",\"logo\":{\"@type\":\"ImageObject\",\"inLanguage\":\"fr-FR\",\"@id\":\"https:\\\/\\\/atelierlabarbue.com\\\/#\\\/schema\\\/logo\\\/image\\\/\",\"url\":\"https:\\\/\\\/atelierlabarbue.com\\\/wp-content\\\/uploads\\\/2023\\\/08\\\/favicon2.png\",\"contentUrl\":\"https:\\\/\\\/atelierlabarbue.com\\\/wp-content\\\/uploads\\\/2023\\\/08\\\/favicon2.png\",\"width\":512,\"height\":512,\"caption\":\"Atelier la barbue\"},\"image\":{\"@id\":\"https:\\\/\\\/atelierlabarbue.com\\\/#\\\/schema\\\/logo\\\/image\\\/\"},\"sameAs\":[\"https:\\\/\\\/www.facebook.com\\\/profile.php?id=100090210846448\",\"https:\\\/\\\/www.instagram.com\\\/atelierlabarbue\\\/\"]}]}<\/script>\n<!-- \/ Yoast SEO plugin. -->","yoast_head_json":{"title":"Table de nuit Art D\u00e9co en Ch\u00eane - Atelier la barbue","description":"J'ai chin\u00e9 cette table de nuit Art d\u00e9co en Ch\u00eane et je l'ai restaur\u00e9e. Cette table de nuit avait \u00e9t\u00e9 peinte en gris; sous la peinture j'ai d\u00e9couvert un bois abim\u00e9, les placages \u00e9taient tr\u00e8s mince voir perc\u00e9s. En revanche c'est un mobilier robuste, la structure est toujours aussi solide !","robots":{"index":"index","follow":"follow","max-snippet":"max-snippet:-1","max-image-preview":"max-image-preview:large","max-video-preview":"max-video-preview:-1"},"canonical":"https:\/\/atelierlabarbue.com\/index.php\/table-de-nuit-art-deco-en-chene\/","og_locale":"fr_FR","og_type":"article","og_title":"Table de nuit Art D\u00e9co en Ch\u00eane - Atelier la barbue","og_description":"J'ai chin\u00e9 cette table de nuit Art d\u00e9co en Ch\u00eane et je l'ai restaur\u00e9e. Cette table de nuit avait \u00e9t\u00e9 peinte en gris; sous la peinture j'ai d\u00e9couvert un bois abim\u00e9, les placages \u00e9taient tr\u00e8s mince voir perc\u00e9s. En revanche c'est un mobilier robuste, la structure est toujours aussi solide !","og_url":"https:\/\/atelierlabarbue.com\/index.php\/table-de-nuit-art-deco-en-chene\/","og_site_name":"Atelier la barbue","article_publisher":"https:\/\/www.facebook.com\/profile.php?id=100090210846448","article_modified_time":"2025-03-25T08:38:18+00:00","og_image":[{"url":"http:\/\/atelierlabarbue.com\/wp-content\/uploads\/2025\/01\/ART-DECDSC_6284-copie2-819x1024.jpg","type":"","width":"","height":""}],"twitter_card":"summary_large_image","twitter_misc":{"Dur\u00e9e de lecture estim\u00e9e":"2 minutes"},"schema":{"@context":"https:\/\/schema.org","@graph":[{"@type":"WebPage","@id":"https:\/\/atelierlabarbue.com\/index.php\/table-de-nuit-art-deco-en-chene\/","url":"https:\/\/atelierlabarbue.com\/index.php\/table-de-nuit-art-deco-en-chene\/","name":"Table de nuit Art D\u00e9co en Ch\u00eane - Atelier la barbue","isPartOf":{"@id":"https:\/\/atelierlabarbue.com\/#website"},"primaryImageOfPage":{"@id":"https:\/\/atelierlabarbue.com\/index.php\/table-de-nuit-art-deco-en-chene\/#primaryimage"},"image":{"@id":"https:\/\/atelierlabarbue.com\/index.php\/table-de-nuit-art-deco-en-chene\/#primaryimage"},"thumbnailUrl":"http:\/\/atelierlabarbue.com\/wp-content\/uploads\/2025\/01\/ART-DECDSC_6284-copie2-819x1024.jpg","datePublished":"2025-01-28T10:19:06+00:00","dateModified":"2025-03-25T08:38:18+00:00","description":"J'ai chin\u00e9 cette table de nuit Art d\u00e9co en Ch\u00eane et je l'ai restaur\u00e9e. Cette table de nuit avait \u00e9t\u00e9 peinte en gris; sous la peinture j'ai d\u00e9couvert un bois abim\u00e9, les placages \u00e9taient tr\u00e8s mince voir perc\u00e9s. En revanche c'est un mobilier robuste, la structure est toujours aussi solide !","breadcrumb":{"@id":"https:\/\/atelierlabarbue.com\/index.php\/table-de-nuit-art-deco-en-chene\/#breadcrumb"},"inLanguage":"fr-FR","potentialAction":[{"@type":"ReadAction","target":["https:\/\/atelierlabarbue.com\/index.php\/table-de-nuit-art-deco-en-chene\/"]}]},{"@type":"ImageObject","inLanguage":"fr-FR","@id":"https:\/\/atelierlabarbue.com\/index.php\/table-de-nuit-art-deco-en-chene\/#primaryimage","url":"https:\/\/atelierlabarbue.com\/wp-content\/uploads\/2025\/01\/ART-DECDSC_6284-copie2-scaled.jpg","contentUrl":"https:\/\/atelierlabarbue.com\/wp-content\/uploads\/2025\/01\/ART-DECDSC_6284-copie2-scaled.jpg","width":2048,"height":2560},{"@type":"BreadcrumbList","@id":"https:\/\/atelierlabarbue.com\/index.php\/table-de-nuit-art-deco-en-chene\/#breadcrumb","itemListElement":[{"@type":"ListItem","position":1,"name":"Accueil","item":"https:\/\/atelierlabarbue.com\/"},{"@type":"ListItem","position":2,"name":"Table de nuit Art D\u00e9co en Ch\u00eane"}]},{"@type":"WebSite","@id":"https:\/\/atelierlabarbue.com\/#website","url":"https:\/\/atelierlabarbue.com\/","name":"Atelier la barbue","description":"Restauration de meubles anciens, \u00e9b\u00e9nisterie, cr\u00e9ation de bijoux bois bijoux","publisher":{"@id":"https:\/\/atelierlabarbue.com\/#organization"},"potentialAction":[{"@type":"SearchAction","target":{"@type":"EntryPoint","urlTemplate":"https:\/\/atelierlabarbue.com\/?s={search_term_string}"},"query-input":{"@type":"PropertyValueSpecification","valueRequired":true,"valueName":"search_term_string"}}],"inLanguage":"fr-FR"},{"@type":"Organization","@id":"https:\/\/atelierlabarbue.com\/#organization","name":"Atelier la barbue","url":"https:\/\/atelierlabarbue.com\/","logo":{"@type":"ImageObject","inLanguage":"fr-FR","@id":"https:\/\/atelierlabarbue.com\/#\/schema\/logo\/image\/","url":"https:\/\/atelierlabarbue.com\/wp-content\/uploads\/2023\/08\/favicon2.png","contentUrl":"https:\/\/atelierlabarbue.com\/wp-content\/uploads\/2023\/08\/favicon2.png","width":512,"height":512,"caption":"Atelier la barbue"},"image":{"@id":"https:\/\/atelierlabarbue.com\/#\/schema\/logo\/image\/"},"sameAs":["https:\/\/www.facebook.com\/profile.php?id=100090210846448","https:\/\/www.instagram.com\/atelierlabarbue\/"]}]}},"_links":{"self":[{"href":"https:\/\/atelierlabarbue.com\/index.php\/wp-json\/wp\/v2\/pages\/1708","targetHints":{"allow":["GET"]}}],"collection":[{"href":"https:\/\/atelierlabarbue.com\/index.php\/wp-json\/wp\/v2\/pages"}],"about":[{"href":"https:\/\/atelierlabarbue.com\/index.php\/wp-json\/wp\/v2\/types\/page"}],"author":[{"embeddable":true,"href":"https:\/\/atelierlabarbue.com\/index.php\/wp-json\/wp\/v2\/users\/1"}],"replies":[{"embeddable":true,"href":"https:\/\/atelierlabarbue.com\/index.php\/wp-json\/wp\/v2\/comments?post=1708"}],"version-history":[{"count":2,"href":"https:\/\/atelierlabarbue.com\/index.php\/wp-json\/wp\/v2\/pages\/1708\/revisions"}],"predecessor-version":[{"id":1732,"href":"https:\/\/atelierlabarbue.com\/index.php\/wp-json\/wp\/v2\/pages\/1708\/revisions\/1732"}],"wp:attachment":[{"href":"https:\/\/atelierlabarbue.com\/index.php\/wp-json\/wp\/v2\/media?parent=1708"}],"curies":[{"name":"wp","href":"https:\/\/api.w.org\/{rel}","templated":true}]}}