{"id":351,"date":"2023-06-29T14:32:07","date_gmt":"2023-06-29T12:32:07","guid":{"rendered":"http:\/\/atelierlabarbue.com\/?page_id=351"},"modified":"2025-03-25T09:36:18","modified_gmt":"2025-03-25T08:36:18","slug":"meubles-restaures-a-vendre","status":"publish","type":"page","link":"https:\/\/atelierlabarbue.com\/index.php\/meubles-restaures-a-vendre\/","title":{"rendered":"Meubles anciens \u00e0 vendre"},"content":{"rendered":"\n<p>Des meubles anciens d\u00e9j\u00e0 restaur\u00e9s \u00e0 vendre \u00e0 l&rsquo;Atelier!<\/p>\n\n\n\n<p>Vous souhaitez acqu\u00e9rir un de ces meubles? <a href=\"http:\/\/atelierlabarbue.com\/index.php\/contact-latelier-la-barbue\/\" target=\"_blank\" rel=\"noreferrer noopener\">Contacter Atelier la Barbue<\/a>.<\/p>\n\n\n\n<figure class=\"wp-block-gallery has-nested-images columns-default is-cropped wp-block-gallery-1 is-layout-flex wp-block-gallery-is-layout-flex\">\n<figure class=\"wp-block-image size-large\"><a href=\"http:\/\/atelierlabarbue.com\/index.php\/commode-en-hetre\/\"><img loading=\"lazy\" decoding=\"async\" width=\"643\" height=\"1024\" data-id=\"940\" src=\"http:\/\/atelierlabarbue.com\/wp-content\/uploads\/2023\/07\/moitie-de-table-643x1024.jpg\" alt=\"\" class=\"wp-image-940\" srcset=\"https:\/\/atelierlabarbue.com\/wp-content\/uploads\/2023\/07\/moitie-de-table-643x1024.jpg 643w, https:\/\/atelierlabarbue.com\/wp-content\/uploads\/2023\/07\/moitie-de-table-188x300.jpg 188w, https:\/\/atelierlabarbue.com\/wp-content\/uploads\/2023\/07\/moitie-de-table-768x1224.jpg 768w, https:\/\/atelierlabarbue.com\/wp-content\/uploads\/2023\/07\/moitie-de-table-964x1536.jpg 964w, https:\/\/atelierlabarbue.com\/wp-content\/uploads\/2023\/07\/moitie-de-table-1285x2048.jpg 1285w, https:\/\/atelierlabarbue.com\/wp-content\/uploads\/2023\/07\/moitie-de-table-1170x1865.jpg 1170w, https:\/\/atelierlabarbue.com\/wp-content\/uploads\/2023\/07\/moitie-de-table.jpg 1533w\" sizes=\"auto, (max-width: 643px) 100vw, 643px\" \/><\/a><figcaption class=\"wp-element-caption\">Commode en h\u00eatre<\/figcaption><\/figure>\n\n\n\n<figure class=\"wp-block-image size-large\"><a href=\"http:\/\/atelierlabarbue.com\/index.php\/table-en-chene-de-style-classique\/\"><img loading=\"lazy\" decoding=\"async\" width=\"683\" height=\"1024\" data-id=\"366\" src=\"http:\/\/atelierlabarbue.com\/wp-content\/uploads\/2023\/06\/DSCF5532-1-683x1024.png\" alt=\"Table ch\u00eane restaur\u00e9e meuble ancien \u00e0 vendre\" class=\"wp-image-366\" srcset=\"https:\/\/atelierlabarbue.com\/wp-content\/uploads\/2023\/06\/DSCF5532-1-683x1024.png 683w, https:\/\/atelierlabarbue.com\/wp-content\/uploads\/2023\/06\/DSCF5532-1-200x300.png 200w, https:\/\/atelierlabarbue.com\/wp-content\/uploads\/2023\/06\/DSCF5532-1-768x1152.png 768w, https:\/\/atelierlabarbue.com\/wp-content\/uploads\/2023\/06\/DSCF5532-1-1024x1536.png 1024w, https:\/\/atelierlabarbue.com\/wp-content\/uploads\/2023\/06\/DSCF5532-1-1365x2048.png 1365w, https:\/\/atelierlabarbue.com\/wp-content\/uploads\/2023\/06\/DSCF5532-1-1170x1755.png 1170w\" sizes=\"auto, (max-width: 683px) 100vw, 683px\" \/><\/a><figcaption class=\"wp-element-caption\">Table en ch\u00eane<\/figcaption><\/figure>\n\n\n\n<figure class=\"wp-block-image size-large\"><a href=\"http:\/\/atelierlabarbue.com\/index.php\/bureau-americain\/\"><img loading=\"lazy\" decoding=\"async\" width=\"666\" height=\"1024\" data-id=\"354\" src=\"http:\/\/atelierlabarbue.com\/wp-content\/uploads\/2023\/06\/AA-1-666x1024.jpg\" alt=\"petit bureau restauration meuble ancien \u00e0 vendre\" class=\"wp-image-354\" srcset=\"https:\/\/atelierlabarbue.com\/wp-content\/uploads\/2023\/06\/AA-1-666x1024.jpg 666w, https:\/\/atelierlabarbue.com\/wp-content\/uploads\/2023\/06\/AA-1-195x300.jpg 195w, https:\/\/atelierlabarbue.com\/wp-content\/uploads\/2023\/06\/AA-1-768x1181.jpg 768w, https:\/\/atelierlabarbue.com\/wp-content\/uploads\/2023\/06\/AA-1-999x1536.jpg 999w, https:\/\/atelierlabarbue.com\/wp-content\/uploads\/2023\/06\/AA-1-1332x2048.jpg 1332w, https:\/\/atelierlabarbue.com\/wp-content\/uploads\/2023\/06\/AA-1-1170x1799.jpg 1170w, https:\/\/atelierlabarbue.com\/wp-content\/uploads\/2023\/06\/AA-1-scaled.jpg 1665w\" sizes=\"auto, (max-width: 666px) 100vw, 666px\" \/><\/a><figcaption class=\"wp-element-caption\">Bureau am\u00e9ricain<\/figcaption><\/figure>\n<\/figure>\n\n\n\n<div class=\"wp-block-columns is-layout-flex wp-container-core-columns-is-layout-28f84493 wp-block-columns-is-layout-flex\">\n<div class=\"wp-block-column is-layout-flow wp-block-column-is-layout-flow\">\n<figure class=\"wp-block-image size-large\"><a href=\"http:\/\/atelierlabarbue.com\/index.php\/table-de-nuit-art-deco\/\"><img loading=\"lazy\" decoding=\"async\" width=\"819\" height=\"1024\" src=\"http:\/\/atelierlabarbue.com\/wp-content\/uploads\/2024\/10\/DSC_5979-copie-819x1024.jpg\" alt=\"\" class=\"wp-image-1627\" srcset=\"https:\/\/atelierlabarbue.com\/wp-content\/uploads\/2024\/10\/DSC_5979-copie-819x1024.jpg 819w, https:\/\/atelierlabarbue.com\/wp-content\/uploads\/2024\/10\/DSC_5979-copie-240x300.jpg 240w, https:\/\/atelierlabarbue.com\/wp-content\/uploads\/2024\/10\/DSC_5979-copie-768x960.jpg 768w, https:\/\/atelierlabarbue.com\/wp-content\/uploads\/2024\/10\/DSC_5979-copie-1229x1536.jpg 1229w, https:\/\/atelierlabarbue.com\/wp-content\/uploads\/2024\/10\/DSC_5979-copie-1638x2048.jpg 1638w, https:\/\/atelierlabarbue.com\/wp-content\/uploads\/2024\/10\/DSC_5979-copie-1170x1463.jpg 1170w, https:\/\/atelierlabarbue.com\/wp-content\/uploads\/2024\/10\/DSC_5979-copie-scaled.jpg 2048w\" sizes=\"auto, (max-width: 819px) 100vw, 819px\" \/><\/a><figcaption class=\"wp-element-caption\">Table de nuit Art D\u00e9co<\/figcaption><\/figure>\n<\/div>\n\n\n\n<div class=\"wp-block-column is-layout-flow wp-block-column-is-layout-flow\">\n<figure class=\"wp-block-image size-large\"><a href=\"http:\/\/atelierlabarbue.com\/index.php\/restauration-coiffeuse-des-annees-30\/\"><img loading=\"lazy\" decoding=\"async\" width=\"819\" height=\"1024\" src=\"http:\/\/atelierlabarbue.com\/wp-content\/uploads\/2025\/01\/DSC_5971-1-819x1024.jpg\" alt=\"\" class=\"wp-image-1704\" srcset=\"https:\/\/atelierlabarbue.com\/wp-content\/uploads\/2025\/01\/DSC_5971-1-819x1024.jpg 819w, https:\/\/atelierlabarbue.com\/wp-content\/uploads\/2025\/01\/DSC_5971-1-240x300.jpg 240w, https:\/\/atelierlabarbue.com\/wp-content\/uploads\/2025\/01\/DSC_5971-1-768x960.jpg 768w, https:\/\/atelierlabarbue.com\/wp-content\/uploads\/2025\/01\/DSC_5971-1-1229x1536.jpg 1229w, https:\/\/atelierlabarbue.com\/wp-content\/uploads\/2025\/01\/DSC_5971-1-1638x2048.jpg 1638w, https:\/\/atelierlabarbue.com\/wp-content\/uploads\/2025\/01\/DSC_5971-1-1170x1463.jpg 1170w, https:\/\/atelierlabarbue.com\/wp-content\/uploads\/2025\/01\/DSC_5971-1-scaled.jpg 2048w\" sizes=\"auto, (max-width: 819px) 100vw, 819px\" \/><\/a><figcaption class=\"wp-element-caption\">Coiffeuse ann\u00e9es 30<\/figcaption><\/figure>\n<\/div>\n\n\n\n<div class=\"wp-block-column is-layout-flow wp-block-column-is-layout-flow\">\n<figure class=\"wp-block-image size-large\"><a href=\"http:\/\/atelierlabarbue.com\/index.php\/table-de-nuit-art-deco-en-chene\/\"><img loading=\"lazy\" decoding=\"async\" width=\"819\" height=\"1024\" src=\"http:\/\/atelierlabarbue.com\/wp-content\/uploads\/2025\/01\/ART-DECDSC_6284-copie2-819x1024.jpg\" alt=\"\" class=\"wp-image-1709\" srcset=\"https:\/\/atelierlabarbue.com\/wp-content\/uploads\/2025\/01\/ART-DECDSC_6284-copie2-819x1024.jpg 819w, https:\/\/atelierlabarbue.com\/wp-content\/uploads\/2025\/01\/ART-DECDSC_6284-copie2-240x300.jpg 240w, https:\/\/atelierlabarbue.com\/wp-content\/uploads\/2025\/01\/ART-DECDSC_6284-copie2-768x960.jpg 768w, https:\/\/atelierlabarbue.com\/wp-content\/uploads\/2025\/01\/ART-DECDSC_6284-copie2-1229x1536.jpg 1229w, https:\/\/atelierlabarbue.com\/wp-content\/uploads\/2025\/01\/ART-DECDSC_6284-copie2-1639x2048.jpg 1639w, https:\/\/atelierlabarbue.com\/wp-content\/uploads\/2025\/01\/ART-DECDSC_6284-copie2-1170x1462.jpg 1170w, https:\/\/atelierlabarbue.com\/wp-content\/uploads\/2025\/01\/ART-DECDSC_6284-copie2-scaled.jpg 2048w\" sizes=\"auto, (max-width: 819px) 100vw, 819px\" \/><\/a><figcaption class=\"wp-element-caption\">Table de nuit Art d\u00e9co en Ch\u00eane<\/figcaption><\/figure>\n<\/div>\n<\/div>\n\n\n\n<div class=\"wp-block-columns is-layout-flex wp-container-core-columns-is-layout-28f84493 wp-block-columns-is-layout-flex\">\n<div class=\"wp-block-column is-layout-flow wp-block-column-is-layout-flow\">\n<figure class=\"wp-block-image size-large\"><a href=\"http:\/\/atelierlabarbue.com\/index.php\/table-de-nuit-annees-60\/\"><img loading=\"lazy\" decoding=\"async\" width=\"819\" height=\"1024\" src=\"http:\/\/atelierlabarbue.com\/wp-content\/uploads\/2025\/03\/GRANDEDSC_6269-copie-1-819x1024.jpg\" alt=\"\" class=\"wp-image-1722\" srcset=\"https:\/\/atelierlabarbue.com\/wp-content\/uploads\/2025\/03\/GRANDEDSC_6269-copie-1-819x1024.jpg 819w, https:\/\/atelierlabarbue.com\/wp-content\/uploads\/2025\/03\/GRANDEDSC_6269-copie-1-240x300.jpg 240w, https:\/\/atelierlabarbue.com\/wp-content\/uploads\/2025\/03\/GRANDEDSC_6269-copie-1-768x960.jpg 768w, https:\/\/atelierlabarbue.com\/wp-content\/uploads\/2025\/03\/GRANDEDSC_6269-copie-1-1229x1536.jpg 1229w, https:\/\/atelierlabarbue.com\/wp-content\/uploads\/2025\/03\/GRANDEDSC_6269-copie-1-1638x2048.jpg 1638w, https:\/\/atelierlabarbue.com\/wp-content\/uploads\/2025\/03\/GRANDEDSC_6269-copie-1-1170x1463.jpg 1170w, https:\/\/atelierlabarbue.com\/wp-content\/uploads\/2025\/03\/GRANDEDSC_6269-copie-1-scaled.jpg 2048w\" sizes=\"auto, (max-width: 819px) 100vw, 819px\" \/><\/a><figcaption class=\"wp-element-caption\">Table de Nuit Ann\u00e9es 60<\/figcaption><\/figure>\n<\/div>\n\n\n\n<div class=\"wp-block-column is-layout-flow wp-block-column-is-layout-flow\">\n<figure class=\"wp-block-image size-large\"><a href=\"http:\/\/atelierlabarbue.com\/index.php\/petite-table-de-nuit-annees-60\/\"><img loading=\"lazy\" decoding=\"async\" width=\"819\" height=\"1024\" src=\"http:\/\/atelierlabarbue.com\/wp-content\/uploads\/2025\/03\/PETITEDSC_6276-copie-819x1024.jpg\" alt=\"\" class=\"wp-image-1726\" srcset=\"https:\/\/atelierlabarbue.com\/wp-content\/uploads\/2025\/03\/PETITEDSC_6276-copie-819x1024.jpg 819w, https:\/\/atelierlabarbue.com\/wp-content\/uploads\/2025\/03\/PETITEDSC_6276-copie-240x300.jpg 240w, https:\/\/atelierlabarbue.com\/wp-content\/uploads\/2025\/03\/PETITEDSC_6276-copie-768x960.jpg 768w, https:\/\/atelierlabarbue.com\/wp-content\/uploads\/2025\/03\/PETITEDSC_6276-copie-1229x1536.jpg 1229w, https:\/\/atelierlabarbue.com\/wp-content\/uploads\/2025\/03\/PETITEDSC_6276-copie-1638x2048.jpg 1638w, https:\/\/atelierlabarbue.com\/wp-content\/uploads\/2025\/03\/PETITEDSC_6276-copie-1170x1462.jpg 1170w, https:\/\/atelierlabarbue.com\/wp-content\/uploads\/2025\/03\/PETITEDSC_6276-copie-scaled.jpg 2048w\" sizes=\"auto, (max-width: 819px) 100vw, 819px\" \/><\/a><figcaption class=\"wp-element-caption\">Petite table de nuit ann\u00e9es 60<\/figcaption><\/figure>\n<\/div>\n\n\n\n<div class=\"wp-block-column is-layout-flow wp-block-column-is-layout-flow\"><\/div>\n<\/div>\n\n\n\n<p>Les meubles \u00e0 vendre par l&rsquo;Atelier la Barbue sont aussi disponibles sur les march\u00e9s de cr\u00e9ateurs. Rest\u00e9s inform\u00e9s par les r\u00e9seaux sociaux :<\/p>\n\n\n\n<div id=\"wp-block-themeisle-blocks-font-awesome-icons-bc72e57f\" class=\"wp-block-themeisle-blocks-font-awesome-icons\"><span class=\"wp-block-themeisle-blocks-font-awesome-icons-container\"><a href=\"https:\/\/www.instagram.com\/atelierlabarbue\/\" target=\"_blank\" rel=\"noopener noreferrer\"><i class=\"fab fa-instagram\"><\/i><\/a><\/span><\/div>\n\n\n\n<div id=\"wp-block-themeisle-blocks-font-awesome-icons-aea14038\" class=\"wp-block-themeisle-blocks-font-awesome-icons\"><span class=\"wp-block-themeisle-blocks-font-awesome-icons-container\"><a href=\"https:\/\/www.facebook.com\/profile.php?id=100090210846448\" target=\"_blank\" rel=\"noopener noreferrer\"><i class=\"fab fa-facebook\"><\/i><\/a><\/span><\/div>\n\n\n\n<p>Si vous souhaitez plut\u00f4t faire restaurer vos propres meubles, r\u00e9nover un meuble ancien <a href=\"http:\/\/atelierlabarbue.com\/index.php\/restaurer-un-meuble-ancien\/\">c&rsquo;est ici<\/a>. <\/p>\n\n\n\n<p><\/p>\n","protected":false},"excerpt":{"rendered":"<p>Des meubles anciens d\u00e9j\u00e0 restaur\u00e9s \u00e0 vendre \u00e0 l&rsquo;Atelier! Vous souhaitez acqu\u00e9rir un de ces meubles? Contacter Atelier la Barbue. Les meubles \u00e0 vendre par l&rsquo;Atelier la Barbue sont aussi disponibles sur les march\u00e9s de cr\u00e9ateurs. Rest\u00e9s inform\u00e9s par les r\u00e9seaux sociaux : Si vous souhaitez plut\u00f4t faire restaurer vos propres meubles, r\u00e9nover un meuble [&hellip;]<\/p>\n","protected":false},"author":1,"featured_media":0,"parent":0,"menu_order":0,"comment_status":"closed","ping_status":"closed","template":"","meta":{"_themeisle_gutenberg_block_has_review":false,"footnotes":""},"class_list":["post-351","page","type-page","status-publish","hentry"],"yoast_head":"<!-- This site is optimized with the Yoast SEO plugin v27.4 - https:\/\/yoast.com\/product\/yoast-seo-wordpress\/ -->\n<title>Meubles anciens \u00e0 vendre - Atelier la barbue<\/title>\n<meta name=\"description\" content=\"Des meubles anciens d\u00e9j\u00e0 restaur\u00e9s \u00e0 vendre \u00e0 l&#039;Atelier la Barbue! la petite table en ch\u00eane, et le bureau am\u00e9ricain attendent acqu\u00e9reur\" \/>\n<meta name=\"robots\" content=\"index, follow, max-snippet:-1, max-image-preview:large, max-video-preview:-1\" \/>\n<link rel=\"canonical\" href=\"https:\/\/atelierlabarbue.com\/index.php\/meubles-restaures-a-vendre\/\" \/>\n<meta property=\"og:locale\" content=\"fr_FR\" \/>\n<meta property=\"og:type\" content=\"article\" \/>\n<meta property=\"og:title\" content=\"Meubles anciens \u00e0 vendre - Atelier la barbue\" \/>\n<meta property=\"og:description\" content=\"Des meubles anciens d\u00e9j\u00e0 restaur\u00e9s \u00e0 vendre \u00e0 l&#039;Atelier la Barbue! la petite table en ch\u00eane, et le bureau am\u00e9ricain attendent acqu\u00e9reur\" \/>\n<meta property=\"og:url\" content=\"https:\/\/atelierlabarbue.com\/index.php\/meubles-restaures-a-vendre\/\" \/>\n<meta property=\"og:site_name\" content=\"Atelier la barbue\" \/>\n<meta property=\"article:publisher\" content=\"https:\/\/www.facebook.com\/profile.php?id=100090210846448\" \/>\n<meta property=\"article:modified_time\" content=\"2025-03-25T08:36:18+00:00\" \/>\n<meta property=\"og:image\" content=\"http:\/\/atelierlabarbue.com\/wp-content\/uploads\/2023\/07\/moitie-de-table-643x1024.jpg\" \/>\n<meta name=\"twitter:card\" content=\"summary_large_image\" \/>\n<meta name=\"twitter:label1\" content=\"Dur\u00e9e de lecture estim\u00e9e\" \/>\n\t<meta name=\"twitter:data1\" content=\"3 minutes\" \/>\n<script type=\"application\/ld+json\" class=\"yoast-schema-graph\">{\"@context\":\"https:\\\/\\\/schema.org\",\"@graph\":[{\"@type\":\"WebPage\",\"@id\":\"https:\\\/\\\/atelierlabarbue.com\\\/index.php\\\/meubles-restaures-a-vendre\\\/\",\"url\":\"https:\\\/\\\/atelierlabarbue.com\\\/index.php\\\/meubles-restaures-a-vendre\\\/\",\"name\":\"Meubles anciens \u00e0 vendre - Atelier la barbue\",\"isPartOf\":{\"@id\":\"https:\\\/\\\/atelierlabarbue.com\\\/#website\"},\"primaryImageOfPage\":{\"@id\":\"https:\\\/\\\/atelierlabarbue.com\\\/index.php\\\/meubles-restaures-a-vendre\\\/#primaryimage\"},\"image\":{\"@id\":\"https:\\\/\\\/atelierlabarbue.com\\\/index.php\\\/meubles-restaures-a-vendre\\\/#primaryimage\"},\"thumbnailUrl\":\"http:\\\/\\\/atelierlabarbue.com\\\/wp-content\\\/uploads\\\/2023\\\/07\\\/moitie-de-table-643x1024.jpg\",\"datePublished\":\"2023-06-29T12:32:07+00:00\",\"dateModified\":\"2025-03-25T08:36:18+00:00\",\"description\":\"Des meubles anciens d\u00e9j\u00e0 restaur\u00e9s \u00e0 vendre \u00e0 l'Atelier la Barbue! la petite table en ch\u00eane, et le bureau am\u00e9ricain attendent acqu\u00e9reur\",\"breadcrumb\":{\"@id\":\"https:\\\/\\\/atelierlabarbue.com\\\/index.php\\\/meubles-restaures-a-vendre\\\/#breadcrumb\"},\"inLanguage\":\"fr-FR\",\"potentialAction\":[{\"@type\":\"ReadAction\",\"target\":[\"https:\\\/\\\/atelierlabarbue.com\\\/index.php\\\/meubles-restaures-a-vendre\\\/\"]}]},{\"@type\":\"ImageObject\",\"inLanguage\":\"fr-FR\",\"@id\":\"https:\\\/\\\/atelierlabarbue.com\\\/index.php\\\/meubles-restaures-a-vendre\\\/#primaryimage\",\"url\":\"https:\\\/\\\/atelierlabarbue.com\\\/wp-content\\\/uploads\\\/2023\\\/07\\\/moitie-de-table.jpg\",\"contentUrl\":\"https:\\\/\\\/atelierlabarbue.com\\\/wp-content\\\/uploads\\\/2023\\\/07\\\/moitie-de-table.jpg\",\"width\":1533,\"height\":2443},{\"@type\":\"BreadcrumbList\",\"@id\":\"https:\\\/\\\/atelierlabarbue.com\\\/index.php\\\/meubles-restaures-a-vendre\\\/#breadcrumb\",\"itemListElement\":[{\"@type\":\"ListItem\",\"position\":1,\"name\":\"Accueil\",\"item\":\"https:\\\/\\\/atelierlabarbue.com\\\/\"},{\"@type\":\"ListItem\",\"position\":2,\"name\":\"Meubles anciens \u00e0 vendre\"}]},{\"@type\":\"WebSite\",\"@id\":\"https:\\\/\\\/atelierlabarbue.com\\\/#website\",\"url\":\"https:\\\/\\\/atelierlabarbue.com\\\/\",\"name\":\"Atelier la barbue\",\"description\":\"Restauration de meubles anciens, \u00e9b\u00e9nisterie, cr\u00e9ation de bijoux bois bijoux\",\"publisher\":{\"@id\":\"https:\\\/\\\/atelierlabarbue.com\\\/#organization\"},\"potentialAction\":[{\"@type\":\"SearchAction\",\"target\":{\"@type\":\"EntryPoint\",\"urlTemplate\":\"https:\\\/\\\/atelierlabarbue.com\\\/?s={search_term_string}\"},\"query-input\":{\"@type\":\"PropertyValueSpecification\",\"valueRequired\":true,\"valueName\":\"search_term_string\"}}],\"inLanguage\":\"fr-FR\"},{\"@type\":\"Organization\",\"@id\":\"https:\\\/\\\/atelierlabarbue.com\\\/#organization\",\"name\":\"Atelier la barbue\",\"url\":\"https:\\\/\\\/atelierlabarbue.com\\\/\",\"logo\":{\"@type\":\"ImageObject\",\"inLanguage\":\"fr-FR\",\"@id\":\"https:\\\/\\\/atelierlabarbue.com\\\/#\\\/schema\\\/logo\\\/image\\\/\",\"url\":\"https:\\\/\\\/atelierlabarbue.com\\\/wp-content\\\/uploads\\\/2023\\\/08\\\/favicon2.png\",\"contentUrl\":\"https:\\\/\\\/atelierlabarbue.com\\\/wp-content\\\/uploads\\\/2023\\\/08\\\/favicon2.png\",\"width\":512,\"height\":512,\"caption\":\"Atelier la barbue\"},\"image\":{\"@id\":\"https:\\\/\\\/atelierlabarbue.com\\\/#\\\/schema\\\/logo\\\/image\\\/\"},\"sameAs\":[\"https:\\\/\\\/www.facebook.com\\\/profile.php?id=100090210846448\",\"https:\\\/\\\/www.instagram.com\\\/atelierlabarbue\\\/\"]}]}<\/script>\n<!-- \/ Yoast SEO plugin. -->","yoast_head_json":{"title":"Meubles anciens \u00e0 vendre - Atelier la barbue","description":"Des meubles anciens d\u00e9j\u00e0 restaur\u00e9s \u00e0 vendre \u00e0 l'Atelier la Barbue! la petite table en ch\u00eane, et le bureau am\u00e9ricain attendent acqu\u00e9reur","robots":{"index":"index","follow":"follow","max-snippet":"max-snippet:-1","max-image-preview":"max-image-preview:large","max-video-preview":"max-video-preview:-1"},"canonical":"https:\/\/atelierlabarbue.com\/index.php\/meubles-restaures-a-vendre\/","og_locale":"fr_FR","og_type":"article","og_title":"Meubles anciens \u00e0 vendre - Atelier la barbue","og_description":"Des meubles anciens d\u00e9j\u00e0 restaur\u00e9s \u00e0 vendre \u00e0 l'Atelier la Barbue! la petite table en ch\u00eane, et le bureau am\u00e9ricain attendent acqu\u00e9reur","og_url":"https:\/\/atelierlabarbue.com\/index.php\/meubles-restaures-a-vendre\/","og_site_name":"Atelier la barbue","article_publisher":"https:\/\/www.facebook.com\/profile.php?id=100090210846448","article_modified_time":"2025-03-25T08:36:18+00:00","og_image":[{"url":"http:\/\/atelierlabarbue.com\/wp-content\/uploads\/2023\/07\/moitie-de-table-643x1024.jpg","type":"","width":"","height":""}],"twitter_card":"summary_large_image","twitter_misc":{"Dur\u00e9e de lecture estim\u00e9e":"3 minutes"},"schema":{"@context":"https:\/\/schema.org","@graph":[{"@type":"WebPage","@id":"https:\/\/atelierlabarbue.com\/index.php\/meubles-restaures-a-vendre\/","url":"https:\/\/atelierlabarbue.com\/index.php\/meubles-restaures-a-vendre\/","name":"Meubles anciens \u00e0 vendre - Atelier la barbue","isPartOf":{"@id":"https:\/\/atelierlabarbue.com\/#website"},"primaryImageOfPage":{"@id":"https:\/\/atelierlabarbue.com\/index.php\/meubles-restaures-a-vendre\/#primaryimage"},"image":{"@id":"https:\/\/atelierlabarbue.com\/index.php\/meubles-restaures-a-vendre\/#primaryimage"},"thumbnailUrl":"http:\/\/atelierlabarbue.com\/wp-content\/uploads\/2023\/07\/moitie-de-table-643x1024.jpg","datePublished":"2023-06-29T12:32:07+00:00","dateModified":"2025-03-25T08:36:18+00:00","description":"Des meubles anciens d\u00e9j\u00e0 restaur\u00e9s \u00e0 vendre \u00e0 l'Atelier la Barbue! la petite table en ch\u00eane, et le bureau am\u00e9ricain attendent acqu\u00e9reur","breadcrumb":{"@id":"https:\/\/atelierlabarbue.com\/index.php\/meubles-restaures-a-vendre\/#breadcrumb"},"inLanguage":"fr-FR","potentialAction":[{"@type":"ReadAction","target":["https:\/\/atelierlabarbue.com\/index.php\/meubles-restaures-a-vendre\/"]}]},{"@type":"ImageObject","inLanguage":"fr-FR","@id":"https:\/\/atelierlabarbue.com\/index.php\/meubles-restaures-a-vendre\/#primaryimage","url":"https:\/\/atelierlabarbue.com\/wp-content\/uploads\/2023\/07\/moitie-de-table.jpg","contentUrl":"https:\/\/atelierlabarbue.com\/wp-content\/uploads\/2023\/07\/moitie-de-table.jpg","width":1533,"height":2443},{"@type":"BreadcrumbList","@id":"https:\/\/atelierlabarbue.com\/index.php\/meubles-restaures-a-vendre\/#breadcrumb","itemListElement":[{"@type":"ListItem","position":1,"name":"Accueil","item":"https:\/\/atelierlabarbue.com\/"},{"@type":"ListItem","position":2,"name":"Meubles anciens \u00e0 vendre"}]},{"@type":"WebSite","@id":"https:\/\/atelierlabarbue.com\/#website","url":"https:\/\/atelierlabarbue.com\/","name":"Atelier la barbue","description":"Restauration de meubles anciens, \u00e9b\u00e9nisterie, cr\u00e9ation de bijoux bois bijoux","publisher":{"@id":"https:\/\/atelierlabarbue.com\/#organization"},"potentialAction":[{"@type":"SearchAction","target":{"@type":"EntryPoint","urlTemplate":"https:\/\/atelierlabarbue.com\/?s={search_term_string}"},"query-input":{"@type":"PropertyValueSpecification","valueRequired":true,"valueName":"search_term_string"}}],"inLanguage":"fr-FR"},{"@type":"Organization","@id":"https:\/\/atelierlabarbue.com\/#organization","name":"Atelier la barbue","url":"https:\/\/atelierlabarbue.com\/","logo":{"@type":"ImageObject","inLanguage":"fr-FR","@id":"https:\/\/atelierlabarbue.com\/#\/schema\/logo\/image\/","url":"https:\/\/atelierlabarbue.com\/wp-content\/uploads\/2023\/08\/favicon2.png","contentUrl":"https:\/\/atelierlabarbue.com\/wp-content\/uploads\/2023\/08\/favicon2.png","width":512,"height":512,"caption":"Atelier la barbue"},"image":{"@id":"https:\/\/atelierlabarbue.com\/#\/schema\/logo\/image\/"},"sameAs":["https:\/\/www.facebook.com\/profile.php?id=100090210846448","https:\/\/www.instagram.com\/atelierlabarbue\/"]}]}},"_links":{"self":[{"href":"https:\/\/atelierlabarbue.com\/index.php\/wp-json\/wp\/v2\/pages\/351","targetHints":{"allow":["GET"]}}],"collection":[{"href":"https:\/\/atelierlabarbue.com\/index.php\/wp-json\/wp\/v2\/pages"}],"about":[{"href":"https:\/\/atelierlabarbue.com\/index.php\/wp-json\/wp\/v2\/types\/page"}],"author":[{"embeddable":true,"href":"https:\/\/atelierlabarbue.com\/index.php\/wp-json\/wp\/v2\/users\/1"}],"replies":[{"embeddable":true,"href":"https:\/\/atelierlabarbue.com\/index.php\/wp-json\/wp\/v2\/comments?post=351"}],"version-history":[{"count":36,"href":"https:\/\/atelierlabarbue.com\/index.php\/wp-json\/wp\/v2\/pages\/351\/revisions"}],"predecessor-version":[{"id":1731,"href":"https:\/\/atelierlabarbue.com\/index.php\/wp-json\/wp\/v2\/pages\/351\/revisions\/1731"}],"wp:attachment":[{"href":"https:\/\/atelierlabarbue.com\/index.php\/wp-json\/wp\/v2\/media?parent=351"}],"curies":[{"name":"wp","href":"https:\/\/api.w.org\/{rel}","templated":true}]}}