{"id":388,"date":"2023-06-29T15:48:19","date_gmt":"2023-06-29T13:48:19","guid":{"rendered":"http:\/\/atelierlabarbue.com\/?page_id=388"},"modified":"2023-07-06T11:17:34","modified_gmt":"2023-07-06T09:17:34","slug":"bureau-americain-a-vendre","status":"publish","type":"page","link":"https:\/\/atelierlabarbue.com\/index.php\/bureau-americain-a-vendre\/","title":{"rendered":"Bureau am\u00e9ricain \u00e0 vendre"},"content":{"rendered":"\n<p>L&rsquo;Atelier la Barbue propose ce petit bureau am\u00e9ricain en ch\u00eane, de couleur miel, \u00e0 vendre.<\/p>\n\n\n\n<p>J\u2019ai effectu\u00e9 la restauration de ce bureau de bonne facture, robuste et tr\u00e8s pratique. Plut\u00f4t fait pour quelqu\u2019un de petite taille (voir les mesures). <\/p>\n\n\n\n<ul class=\"wp-block-list\">\n<li>( Hauteur 70- Largeur 78- Profondeur 46)<\/li>\n\n\n\n<li>4 tiroirs en fa\u00e7ade<\/li>\n\n\n\n<li>juste au-dessus des tiroirs, une tablette que l\u2019on peut tirer vers soi et qui permet d\u2019agrandir la surface du plateau !<\/li>\n<\/ul>\n\n\n\n<figure class=\"wp-block-image size-large\"><img loading=\"lazy\" decoding=\"async\" width=\"752\" height=\"1024\" src=\"http:\/\/atelierlabarbue.com\/wp-content\/uploads\/2023\/06\/bureau-americain-752x1024.jpg\" alt=\"meuble de style occasion petit bureau restauration meuble ancien Atelier la Barbue Anna Tesson\" class=\"wp-image-389\" srcset=\"https:\/\/atelierlabarbue.com\/wp-content\/uploads\/2023\/06\/bureau-americain-752x1024.jpg 752w, https:\/\/atelierlabarbue.com\/wp-content\/uploads\/2023\/06\/bureau-americain-220x300.jpg 220w, https:\/\/atelierlabarbue.com\/wp-content\/uploads\/2023\/06\/bureau-americain-768x1046.jpg 768w, https:\/\/atelierlabarbue.com\/wp-content\/uploads\/2023\/06\/bureau-americain-1128x1536.jpg 1128w, https:\/\/atelierlabarbue.com\/wp-content\/uploads\/2023\/06\/bureau-americain-1504x2048.jpg 1504w, https:\/\/atelierlabarbue.com\/wp-content\/uploads\/2023\/06\/bureau-americain-1170x1593.jpg 1170w, https:\/\/atelierlabarbue.com\/wp-content\/uploads\/2023\/06\/bureau-americain-scaled.jpg 1880w\" sizes=\"auto, (max-width: 752px) 100vw, 752px\" \/><figcaption class=\"wp-element-caption\">Petit bureau am\u00e9ricain<\/figcaption><\/figure>\n\n\n\n<p class=\"has-small-font-size\">Prix : 350 euros<\/p>\n\n\n\n<p>Voir le bureau am\u00e9ricain sur <a href=\"https:\/\/www.selency.fr\/p\/ACTHCVKV\/bureau-americain?fbclid=IwAR0IjybHCa6ZAyeKT3xj8DSP65p2kAZ0lISrq6ojBgyfZrH8fOquxf5JRXU\" target=\"_blank\" rel=\"noreferrer noopener\">Selency<\/a><\/p>\n\n\n\n<p>R\u00e9server le bureau am\u00e9ricain : <a href=\"http:\/\/atelierlabarbue.com\/index.php\/contact-latelier-la-barbue\/\" target=\"_blank\" rel=\"noreferrer noopener\">Contacter l&rsquo;Atelier la Barbue<\/a><\/p>\n\n\n\n<p>Suivez l&rsquo;actualit\u00e9 de la Barbue sur les r\u00e9seaux : <\/p>\n\n\n\n<div id=\"wp-block-themeisle-blocks-font-awesome-icons-16d398e1\" class=\"wp-block-themeisle-blocks-font-awesome-icons\"><span class=\"wp-block-themeisle-blocks-font-awesome-icons-container\"><a href=\"https:\/\/www.facebook.com\/profile.php?id=100090210846448\" target=\"_blank\" rel=\"noopener noreferrer\"><i class=\"fab fa-facebook\"><\/i><\/a><\/span><\/div>\n\n\n\n<div id=\"wp-block-themeisle-blocks-font-awesome-icons-62a8a97e\" class=\"wp-block-themeisle-blocks-font-awesome-icons\"><span class=\"wp-block-themeisle-blocks-font-awesome-icons-container\"><a href=\"https:\/\/www.instagram.com\/atelierlabarbue\/\" target=\"_blank\" rel=\"noopener noreferrer\"><i class=\"fab fa-instagram\"><\/i><\/a><\/span><\/div>\n","protected":false},"excerpt":{"rendered":"<p>L&rsquo;Atelier la Barbue propose ce petit bureau am\u00e9ricain en ch\u00eane, de couleur miel, \u00e0 vendre. J\u2019ai effectu\u00e9 la restauration de ce bureau de bonne facture, robuste et tr\u00e8s pratique. Plut\u00f4t fait pour quelqu\u2019un de petite taille (voir les mesures). Prix : 350 euros Voir le bureau am\u00e9ricain sur Selency R\u00e9server le bureau am\u00e9ricain : Contacter [&hellip;]<\/p>\n","protected":false},"author":1,"featured_media":0,"parent":0,"menu_order":0,"comment_status":"closed","ping_status":"closed","template":"","meta":{"_themeisle_gutenberg_block_has_review":false,"footnotes":""},"class_list":["post-388","page","type-page","status-publish","hentry"],"yoast_head":"<!-- This site is optimized with the Yoast SEO plugin v27.4 - https:\/\/yoast.com\/product\/yoast-seo-wordpress\/ -->\n<title>Bureau am\u00e9ricain \u00e0 vendre - Atelier la barbue<\/title>\n<meta name=\"description\" content=\"L&#039;Atelier la Barbue propose ce petit bureau am\u00e9ricain \u00e0 vendre. De couleur miel, ce joli meuble s&#039;int\u00e8gre facilement \u00e0 un petit espace\" \/>\n<meta name=\"robots\" content=\"index, follow, max-snippet:-1, max-image-preview:large, max-video-preview:-1\" \/>\n<link rel=\"canonical\" href=\"https:\/\/atelierlabarbue.com\/index.php\/bureau-americain-a-vendre\/\" \/>\n<meta property=\"og:locale\" content=\"fr_FR\" \/>\n<meta property=\"og:type\" content=\"article\" \/>\n<meta property=\"og:title\" content=\"Bureau am\u00e9ricain \u00e0 vendre - Atelier la barbue\" \/>\n<meta property=\"og:description\" content=\"L&#039;Atelier la Barbue propose ce petit bureau am\u00e9ricain \u00e0 vendre. De couleur miel, ce joli meuble s&#039;int\u00e8gre facilement \u00e0 un petit espace\" \/>\n<meta property=\"og:url\" content=\"https:\/\/atelierlabarbue.com\/index.php\/bureau-americain-a-vendre\/\" \/>\n<meta property=\"og:site_name\" content=\"Atelier la barbue\" \/>\n<meta property=\"article:publisher\" content=\"https:\/\/www.facebook.com\/profile.php?id=100090210846448\" \/>\n<meta property=\"article:modified_time\" content=\"2023-07-06T09:17:34+00:00\" \/>\n<meta property=\"og:image\" content=\"http:\/\/atelierlabarbue.com\/wp-content\/uploads\/2023\/06\/bureau-americain-752x1024.jpg\" \/>\n<meta name=\"twitter:card\" content=\"summary_large_image\" \/>\n<meta name=\"twitter:label1\" content=\"Dur\u00e9e de lecture estim\u00e9e\" \/>\n\t<meta name=\"twitter:data1\" content=\"1 minute\" \/>\n<script type=\"application\/ld+json\" class=\"yoast-schema-graph\">{\"@context\":\"https:\\\/\\\/schema.org\",\"@graph\":[{\"@type\":\"WebPage\",\"@id\":\"https:\\\/\\\/atelierlabarbue.com\\\/index.php\\\/bureau-americain-a-vendre\\\/\",\"url\":\"https:\\\/\\\/atelierlabarbue.com\\\/index.php\\\/bureau-americain-a-vendre\\\/\",\"name\":\"Bureau am\u00e9ricain \u00e0 vendre - Atelier la barbue\",\"isPartOf\":{\"@id\":\"https:\\\/\\\/atelierlabarbue.com\\\/#website\"},\"primaryImageOfPage\":{\"@id\":\"https:\\\/\\\/atelierlabarbue.com\\\/index.php\\\/bureau-americain-a-vendre\\\/#primaryimage\"},\"image\":{\"@id\":\"https:\\\/\\\/atelierlabarbue.com\\\/index.php\\\/bureau-americain-a-vendre\\\/#primaryimage\"},\"thumbnailUrl\":\"http:\\\/\\\/atelierlabarbue.com\\\/wp-content\\\/uploads\\\/2023\\\/06\\\/bureau-americain-752x1024.jpg\",\"datePublished\":\"2023-06-29T13:48:19+00:00\",\"dateModified\":\"2023-07-06T09:17:34+00:00\",\"description\":\"L'Atelier la Barbue propose ce petit bureau am\u00e9ricain \u00e0 vendre. De couleur miel, ce joli meuble s'int\u00e8gre facilement \u00e0 un petit espace\",\"breadcrumb\":{\"@id\":\"https:\\\/\\\/atelierlabarbue.com\\\/index.php\\\/bureau-americain-a-vendre\\\/#breadcrumb\"},\"inLanguage\":\"fr-FR\",\"potentialAction\":[{\"@type\":\"ReadAction\",\"target\":[\"https:\\\/\\\/atelierlabarbue.com\\\/index.php\\\/bureau-americain-a-vendre\\\/\"]}]},{\"@type\":\"ImageObject\",\"inLanguage\":\"fr-FR\",\"@id\":\"https:\\\/\\\/atelierlabarbue.com\\\/index.php\\\/bureau-americain-a-vendre\\\/#primaryimage\",\"url\":\"http:\\\/\\\/atelierlabarbue.com\\\/wp-content\\\/uploads\\\/2023\\\/06\\\/bureau-americain-752x1024.jpg\",\"contentUrl\":\"http:\\\/\\\/atelierlabarbue.com\\\/wp-content\\\/uploads\\\/2023\\\/06\\\/bureau-americain-752x1024.jpg\"},{\"@type\":\"BreadcrumbList\",\"@id\":\"https:\\\/\\\/atelierlabarbue.com\\\/index.php\\\/bureau-americain-a-vendre\\\/#breadcrumb\",\"itemListElement\":[{\"@type\":\"ListItem\",\"position\":1,\"name\":\"Accueil\",\"item\":\"https:\\\/\\\/atelierlabarbue.com\\\/\"},{\"@type\":\"ListItem\",\"position\":2,\"name\":\"Bureau am\u00e9ricain \u00e0 vendre\"}]},{\"@type\":\"WebSite\",\"@id\":\"https:\\\/\\\/atelierlabarbue.com\\\/#website\",\"url\":\"https:\\\/\\\/atelierlabarbue.com\\\/\",\"name\":\"Atelier la barbue\",\"description\":\"Restauration de meubles anciens, \u00e9b\u00e9nisterie, cr\u00e9ation de bijoux bois bijoux\",\"publisher\":{\"@id\":\"https:\\\/\\\/atelierlabarbue.com\\\/#organization\"},\"potentialAction\":[{\"@type\":\"SearchAction\",\"target\":{\"@type\":\"EntryPoint\",\"urlTemplate\":\"https:\\\/\\\/atelierlabarbue.com\\\/?s={search_term_string}\"},\"query-input\":{\"@type\":\"PropertyValueSpecification\",\"valueRequired\":true,\"valueName\":\"search_term_string\"}}],\"inLanguage\":\"fr-FR\"},{\"@type\":\"Organization\",\"@id\":\"https:\\\/\\\/atelierlabarbue.com\\\/#organization\",\"name\":\"Atelier la barbue\",\"url\":\"https:\\\/\\\/atelierlabarbue.com\\\/\",\"logo\":{\"@type\":\"ImageObject\",\"inLanguage\":\"fr-FR\",\"@id\":\"https:\\\/\\\/atelierlabarbue.com\\\/#\\\/schema\\\/logo\\\/image\\\/\",\"url\":\"https:\\\/\\\/atelierlabarbue.com\\\/wp-content\\\/uploads\\\/2023\\\/08\\\/favicon2.png\",\"contentUrl\":\"https:\\\/\\\/atelierlabarbue.com\\\/wp-content\\\/uploads\\\/2023\\\/08\\\/favicon2.png\",\"width\":512,\"height\":512,\"caption\":\"Atelier la barbue\"},\"image\":{\"@id\":\"https:\\\/\\\/atelierlabarbue.com\\\/#\\\/schema\\\/logo\\\/image\\\/\"},\"sameAs\":[\"https:\\\/\\\/www.facebook.com\\\/profile.php?id=100090210846448\",\"https:\\\/\\\/www.instagram.com\\\/atelierlabarbue\\\/\"]}]}<\/script>\n<!-- \/ Yoast SEO plugin. -->","yoast_head_json":{"title":"Bureau am\u00e9ricain \u00e0 vendre - Atelier la barbue","description":"L'Atelier la Barbue propose ce petit bureau am\u00e9ricain \u00e0 vendre. De couleur miel, ce joli meuble s'int\u00e8gre facilement \u00e0 un petit espace","robots":{"index":"index","follow":"follow","max-snippet":"max-snippet:-1","max-image-preview":"max-image-preview:large","max-video-preview":"max-video-preview:-1"},"canonical":"https:\/\/atelierlabarbue.com\/index.php\/bureau-americain-a-vendre\/","og_locale":"fr_FR","og_type":"article","og_title":"Bureau am\u00e9ricain \u00e0 vendre - Atelier la barbue","og_description":"L'Atelier la Barbue propose ce petit bureau am\u00e9ricain \u00e0 vendre. De couleur miel, ce joli meuble s'int\u00e8gre facilement \u00e0 un petit espace","og_url":"https:\/\/atelierlabarbue.com\/index.php\/bureau-americain-a-vendre\/","og_site_name":"Atelier la barbue","article_publisher":"https:\/\/www.facebook.com\/profile.php?id=100090210846448","article_modified_time":"2023-07-06T09:17:34+00:00","og_image":[{"url":"http:\/\/atelierlabarbue.com\/wp-content\/uploads\/2023\/06\/bureau-americain-752x1024.jpg","type":"","width":"","height":""}],"twitter_card":"summary_large_image","twitter_misc":{"Dur\u00e9e de lecture estim\u00e9e":"1 minute"},"schema":{"@context":"https:\/\/schema.org","@graph":[{"@type":"WebPage","@id":"https:\/\/atelierlabarbue.com\/index.php\/bureau-americain-a-vendre\/","url":"https:\/\/atelierlabarbue.com\/index.php\/bureau-americain-a-vendre\/","name":"Bureau am\u00e9ricain \u00e0 vendre - Atelier la barbue","isPartOf":{"@id":"https:\/\/atelierlabarbue.com\/#website"},"primaryImageOfPage":{"@id":"https:\/\/atelierlabarbue.com\/index.php\/bureau-americain-a-vendre\/#primaryimage"},"image":{"@id":"https:\/\/atelierlabarbue.com\/index.php\/bureau-americain-a-vendre\/#primaryimage"},"thumbnailUrl":"http:\/\/atelierlabarbue.com\/wp-content\/uploads\/2023\/06\/bureau-americain-752x1024.jpg","datePublished":"2023-06-29T13:48:19+00:00","dateModified":"2023-07-06T09:17:34+00:00","description":"L'Atelier la Barbue propose ce petit bureau am\u00e9ricain \u00e0 vendre. De couleur miel, ce joli meuble s'int\u00e8gre facilement \u00e0 un petit espace","breadcrumb":{"@id":"https:\/\/atelierlabarbue.com\/index.php\/bureau-americain-a-vendre\/#breadcrumb"},"inLanguage":"fr-FR","potentialAction":[{"@type":"ReadAction","target":["https:\/\/atelierlabarbue.com\/index.php\/bureau-americain-a-vendre\/"]}]},{"@type":"ImageObject","inLanguage":"fr-FR","@id":"https:\/\/atelierlabarbue.com\/index.php\/bureau-americain-a-vendre\/#primaryimage","url":"http:\/\/atelierlabarbue.com\/wp-content\/uploads\/2023\/06\/bureau-americain-752x1024.jpg","contentUrl":"http:\/\/atelierlabarbue.com\/wp-content\/uploads\/2023\/06\/bureau-americain-752x1024.jpg"},{"@type":"BreadcrumbList","@id":"https:\/\/atelierlabarbue.com\/index.php\/bureau-americain-a-vendre\/#breadcrumb","itemListElement":[{"@type":"ListItem","position":1,"name":"Accueil","item":"https:\/\/atelierlabarbue.com\/"},{"@type":"ListItem","position":2,"name":"Bureau am\u00e9ricain \u00e0 vendre"}]},{"@type":"WebSite","@id":"https:\/\/atelierlabarbue.com\/#website","url":"https:\/\/atelierlabarbue.com\/","name":"Atelier la barbue","description":"Restauration de meubles anciens, \u00e9b\u00e9nisterie, cr\u00e9ation de bijoux bois bijoux","publisher":{"@id":"https:\/\/atelierlabarbue.com\/#organization"},"potentialAction":[{"@type":"SearchAction","target":{"@type":"EntryPoint","urlTemplate":"https:\/\/atelierlabarbue.com\/?s={search_term_string}"},"query-input":{"@type":"PropertyValueSpecification","valueRequired":true,"valueName":"search_term_string"}}],"inLanguage":"fr-FR"},{"@type":"Organization","@id":"https:\/\/atelierlabarbue.com\/#organization","name":"Atelier la barbue","url":"https:\/\/atelierlabarbue.com\/","logo":{"@type":"ImageObject","inLanguage":"fr-FR","@id":"https:\/\/atelierlabarbue.com\/#\/schema\/logo\/image\/","url":"https:\/\/atelierlabarbue.com\/wp-content\/uploads\/2023\/08\/favicon2.png","contentUrl":"https:\/\/atelierlabarbue.com\/wp-content\/uploads\/2023\/08\/favicon2.png","width":512,"height":512,"caption":"Atelier la barbue"},"image":{"@id":"https:\/\/atelierlabarbue.com\/#\/schema\/logo\/image\/"},"sameAs":["https:\/\/www.facebook.com\/profile.php?id=100090210846448","https:\/\/www.instagram.com\/atelierlabarbue\/"]}]}},"_links":{"self":[{"href":"https:\/\/atelierlabarbue.com\/index.php\/wp-json\/wp\/v2\/pages\/388","targetHints":{"allow":["GET"]}}],"collection":[{"href":"https:\/\/atelierlabarbue.com\/index.php\/wp-json\/wp\/v2\/pages"}],"about":[{"href":"https:\/\/atelierlabarbue.com\/index.php\/wp-json\/wp\/v2\/types\/page"}],"author":[{"embeddable":true,"href":"https:\/\/atelierlabarbue.com\/index.php\/wp-json\/wp\/v2\/users\/1"}],"replies":[{"embeddable":true,"href":"https:\/\/atelierlabarbue.com\/index.php\/wp-json\/wp\/v2\/comments?post=388"}],"version-history":[{"count":13,"href":"https:\/\/atelierlabarbue.com\/index.php\/wp-json\/wp\/v2\/pages\/388\/revisions"}],"predecessor-version":[{"id":953,"href":"https:\/\/atelierlabarbue.com\/index.php\/wp-json\/wp\/v2\/pages\/388\/revisions\/953"}],"wp:attachment":[{"href":"https:\/\/atelierlabarbue.com\/index.php\/wp-json\/wp\/v2\/media?parent=388"}],"curies":[{"name":"wp","href":"https:\/\/api.w.org\/{rel}","templated":true}]}}